{"id":20134,"date":"2023-03-02T11:27:18","date_gmt":"2023-03-02T10:27:18","guid":{"rendered":"https:\/\/muzeumpapiernictwa.pl\/?page_id=20134"},"modified":"2023-03-24T10:24:47","modified_gmt":"2023-03-24T09:24:47","slug":"z-przykroscia-informujemy-o-odejsciu-pana-kazuo-yamaguchi-1931-2023","status":"publish","type":"page","link":"https:\/\/muzeumpapiernictwa.pl\/cz\/aktuality\/z-przykroscia-informujemy-o-odejsciu-pana-kazuo-yamaguchi-1931-2023\/","title":{"rendered":"S l\u00edtost\u00ed informujeme o \u00famrt\u00ed pana Kazuo Yamaguchiho (1931\u20132023)"},"content":{"rendered":"<p><\/p>\n<p><strong>Dne 17. \u00fanora 2023 zem\u0159el ve v\u011bku 92 let pan Kazuo Yamaguchi \u2013 japonsk\u00fd pap\u00edrn\u00edk pou\u017e\u00edvaj\u00edc\u00ed titul Tradi\u010dn\u00ed \u0159emesln\u00edk (Dent\u014d Kougeishi), majitel pap\u00edrensk\u00e9 d\u00edlny v\u00a0Echizenu, p\u0159\u00edtel Polska a polsk\u00fdch muzejn\u00edk\u016f.<\/strong><\/p>\n<p>Pan Yamaguchi se narodil 17. ledna 1931 v\u00a0Echizenu do rodiny, kter\u00e1 se v\u011bnovala ru\u010dn\u00ed v\u00fdrob\u011b pap\u00edru ji\u017e n\u011bkolik generac\u00ed. Pap\u00edrn\u00edky byli otec i d\u011bd, a mo\u017en\u00e1 i d\u0159\u00edv\u011bj\u0161\u00ed p\u0159edkov\u00e9.<\/p>\n<p>Po absolvov\u00e1n\u00ed st\u0159edn\u00ed \u0161koly Nanetsu v\u00a0Echizenu se Kazuo Yamaguchi stal majitelem rodinn\u00e9 pap\u00edrensk\u00e9 d\u00edlny, kterou vedl spole\u010dn\u011b se svou \u017eenou Kinuko Yamaguchi. V\u00fdrobou pap\u00edru se zab\u00fdval asi 75 let a archy, kter\u00e9 dod\u00e1val, se vyzna\u010dovaly nejvy\u0161\u0161\u00ed kvalitou. D\u00edlna byla definitivn\u011b uzav\u0159ena v\u00a0roce 2019, po smrti pan\u00ed Kinuko. Pan Kazuo vzhledem ke sv\u00e9mu pokro\u010dil\u00e9mu v\u011bku ji\u017e nemohl d\u00e1le pracovat a jeho syn Kazunori Yamaguchi m\u00e1 jinou profesi.<\/p>\n<p>V\u00a0roce 2021pan Kazuo Yamaguchi po konzultaci se sv\u00fdm synem daroval do sb\u00edrek Muzea pap\u00edrenstv\u00ed v\u00a0Dusznikach Zdroji rodinnou pap\u00edrenskou d\u00edlnu, kter\u00e1 byla po dlouh\u00e1 desetilet\u00ed z\u00e1kladem existence jejich rodiny. Dar m\u00e1 obrovsk\u00fd v\u00fdznam nejen pro muzeum v\u00a0Dusznikach, ale tak\u00e9 pro polskou kulturu. Rozhodnut\u00ed obou p\u00e1n\u016f Yamaguchi o z\u0159\u00edzen\u00ed p\u0159evodu \u0159ad\u00ed Polsko mezi n\u011bkolik evropsk\u00fdch zem\u00ed, kter\u00e9 se mohou pochlubit t\u00edm, \u017ee maj\u00ed v\u00a0muzejn\u00edch sb\u00edrk\u00e1ch cenn\u00e9 p\u0159edm\u011bty souvisej\u00edc\u00ed s\u00a0japonsk\u00fdm pap\u00edrensk\u00fdm \u0159emeslem. Pap\u00edrensk\u00e1 d\u00edlna pana Kazuo Yamaguchiho spole\u010dn\u011b se sb\u00edrkou karet p\u016fvodem z\u00a0Echizenu tvo\u0159\u00ed v\u00a0Muzeu pap\u00edrenstv\u00ed jednu z\u00a0nejcenn\u011bj\u0161\u00edch sb\u00edrek japonsk\u00e9ho pap\u00edrenstv\u00ed v\u00a0Evrop\u011b.<\/p>\n<p>Historick\u00e1 a kulturn\u00ed hodnota d\u00edlny darovan\u00e9 \u010destn\u011b do polsk\u00fdch ve\u0159ejn\u00fdch sb\u00edrek p\u0159im\u011bla m\u00edstop\u0159edsedu vl\u00e1dy a ministra kultury a n\u00e1rodn\u00edho d\u011bdictv\u00ed Polsk\u00e9 republiky prof. Piotra Gli\u0144sk\u00e9ho k\u00a0ud\u011blen\u00ed panu Kazuo Yamaguchimu odznaku Zaslou\u017eil\u00fd pro polskou kulturu. Slavnostn\u00ed p\u0159ed\u00e1n\u00ed odznaku se konalo 19. srpna 2022 na velvyslanectv\u00ed Polsk\u00e9 republiky v\u00a0Tokiu.<\/p>\n<p>Kazuo Yamaguchi byl poh\u0159ben na h\u0159bitov\u011b u chr\u00e1mu Hotokuji v\u00a0Echizenu (are\u00e1l pap\u00edrensk\u00e9 vesnice Otaki, kter\u00e1 je sou\u010d\u00e1st\u00ed aglomerace Echizenu).<\/p>\n<p>&nbsp;<\/p>\n<hr \/>\n\n\t\t<style type=\"text\/css\">\n\t\t\t#gallery-4 {\n\t\t\t\tmargin: auto;\n\t\t\t}\n\t\t\t#gallery-4 .gallery-item {\n\t\t\t\tfloat: left;\n\t\t\t\tmargin-top: 10px;\n\t\t\t\ttext-align: center;\n\t\t\t\twidth: 33%;\n\t\t\t}\n\t\t\t#gallery-4 img {\n\t\t\t\tborder: 2px solid #cfcfcf;\n\t\t\t}\n\t\t\t#gallery-4 .gallery-caption {\n\t\t\t\tmargin-left: 0;\n\t\t\t}\n\t\t\t\/* see gallery_shortcode() in wp-includes\/media.php *\/\n\t\t<\/style>\n\t\t<div id='gallery-4' class='gallery galleryid-20134 gallery-columns-3 gallery-size-thumbnail'><dl class='gallery-item'>\n\t\t\t<dt class='gallery-icon landscape'>\n\t\t\t\t<a href='https:\/\/muzeumpapiernictwa.pl\/wp-content\/uploads\/2023\/03\/Pan-kazuo.jpg' title=\"\" data-rl_title=\"\" class=\"rl-gallery-link\" data-rl_caption=\"\" data-rel=\"lightbox-gallery-4\"><img loading=\"lazy\" decoding=\"async\" width=\"150\" height=\"150\" src=\"https:\/\/muzeumpapiernictwa.pl\/wp-content\/uploads\/2023\/03\/Pan-kazuo-150x150.jpg\" class=\"attachment-thumbnail size-thumbnail\" srcset=\"https:\/\/muzeumpapiernictwa.pl\/wp-content\/uploads\/2023\/03\/Pan-kazuo-150x150.jpg 150w, https:\/\/muzeumpapiernictwa.pl\/wp-content\/uploads\/2023\/03\/Pan-kazuo-300x300.jpg 300w, https:\/\/muzeumpapiernictwa.pl\/wp-content\/uploads\/2023\/03\/Pan-kazuo.jpg 486w\" sizes=\"auto, (max-width: 150px) 100vw, 150px\" \/><\/a>\n\t\t\t<\/dt><\/dl>\n\t\t\t<br style='clear: both' \/>\n\t\t<\/div>\n\n<p><\/p>","protected":false},"excerpt":{"rendered":"<p>Dne 17. \u00fanora 2023 zem\u0159el ve v\u011bku 92 let pan Kazuo Yamaguchi \u2013 japonsk\u00fd pap\u00edrn\u00edk pou\u017e\u00edvaj\u00edc\u00ed titul Tradi\u010dn\u00ed \u0159emesln\u00edk (Dent\u014d Kougeishi), majitel pap\u00edrensk\u00e9 d\u00edlny v\u00a0Echizenu, p\u0159\u00edtel Polska a polsk\u00fdch muzejn\u00edk\u016f. Pan Yamaguchi se narodil 17. ledna 1931 v\u00a0Echizenu do rodiny, kter\u00e1 se v\u011bnovala ru\u010dn\u00ed v\u00fdrob\u011b pap\u00edru ji\u017e n\u011bkolik generac\u00ed. Pap\u00edrn\u00edky byli otec i d\u011bd, a [&hellip;]<\/p>\n","protected":false},"author":15,"featured_media":20135,"parent":137,"menu_order":1,"comment_status":"closed","ping_status":"closed","template":"","meta":{"_acf_changed":false,"ngg_post_thumbnail":0,"footnotes":""},"class_list":["post-20134","page","type-page","status-publish","has-post-thumbnail","hentry"],"acf":[],"_links":{"self":[{"href":"https:\/\/muzeumpapiernictwa.pl\/cz\/wp-json\/wp\/v2\/pages\/20134","targetHints":{"allow":["GET"]}}],"collection":[{"href":"https:\/\/muzeumpapiernictwa.pl\/cz\/wp-json\/wp\/v2\/pages"}],"about":[{"href":"https:\/\/muzeumpapiernictwa.pl\/cz\/wp-json\/wp\/v2\/types\/page"}],"author":[{"embeddable":true,"href":"https:\/\/muzeumpapiernictwa.pl\/cz\/wp-json\/wp\/v2\/users\/15"}],"replies":[{"embeddable":true,"href":"https:\/\/muzeumpapiernictwa.pl\/cz\/wp-json\/wp\/v2\/comments?post=20134"}],"version-history":[{"count":1,"href":"https:\/\/muzeumpapiernictwa.pl\/cz\/wp-json\/wp\/v2\/pages\/20134\/revisions"}],"predecessor-version":[{"id":20236,"href":"https:\/\/muzeumpapiernictwa.pl\/cz\/wp-json\/wp\/v2\/pages\/20134\/revisions\/20236"}],"up":[{"embeddable":true,"href":"https:\/\/muzeumpapiernictwa.pl\/cz\/wp-json\/wp\/v2\/pages\/137"}],"wp:featuredmedia":[{"embeddable":true,"href":"https:\/\/muzeumpapiernictwa.pl\/cz\/wp-json\/wp\/v2\/media\/20135"}],"wp:attachment":[{"href":"https:\/\/muzeumpapiernictwa.pl\/cz\/wp-json\/wp\/v2\/media?parent=20134"}],"curies":[{"name":"wp","href":"https:\/\/api.w.org\/{rel}","templated":true}]}}